{"id":514,"date":"2023-01-25T13:47:56","date_gmt":"2023-01-25T12:47:56","guid":{"rendered":"https:\/\/lasomniada.com\/inicio\/"},"modified":"2025-07-19T21:29:12","modified_gmt":"2025-07-19T19:29:12","slug":"inicio","status":"publish","type":"page","link":"https:\/\/lasomniada.com\/ca\/","title":{"rendered":"Inici"},"content":{"rendered":"<section class=\"wpb-content-wrapper\">[vc_row css=&#8221;.vc_custom_1675696562483{padding-top: 3% !important;padding-right: 10% !important;padding-bottom: 3% !important;padding-left: 10% !important;background-color: #478a7b !important;}&#8221; el_id=&#8221;cerveceria&#8221;][vc_column width=&#8221;1\/2&#8243; css=&#8221;.vc_custom_1675688109058{padding-top: 2% !important;}&#8221;][vc_column_text css=&#8221;.vc_custom_1752953284225{padding-top: 10% !important;}&#8221;]\n<div class=\"elementor-element elementor-element-3b96746 elementor-widget elementor-widget-heading\" data-id=\"3b96746\" data-element_type=\"widget\" data-widget_type=\"heading.default\">\n<div class=\"elementor-widget-container\">\n<h1 class=\"elementor-heading-title elementor-size-default uppercase\"><span style=\"font-size: 130%;\">CERVESA ECOL\u00d2GICA ARTESANA<\/span><\/h1>\n<\/div>\n<\/div>\n<div class=\"elementor-element elementor-element-1f2bc21 elementor-widget elementor-widget-heading\" data-id=\"1f2bc21\" data-element_type=\"widget\" data-widget_type=\"heading.default\">\n<div class=\"elementor-widget-container\">\n<h2 class=\"elementor-heading-title elementor-size-default\"><span style=\"font-size: 130%;\" data-text-color=\"success\">Cerveseria L&#8217;Auda\u00e7<\/span><\/h2>\n<p><span style=\"font-size: 130%;\">L&#8217;Auda\u00e7 \u00e9s una cervesa artesana i ecol\u00f2gica, produ\u00efda promovent el cooperativisme i apoderament de la dona. Reivindiquem un m\u00f3n rural viu i din\u00e0mic que oferisca productes locals de qualitat arrelats al territori i que afavorisquen la creaci\u00f3 de moments feli\u00e7os.<\/span><\/p>\n<p><span style=\"font-size: 130%;\">Amor i ll\u00fapol!<\/span><\/p>\n<\/div>\n<\/div>\n[\/vc_column_text][\/vc_column][vc_column width=&#8221;1\/2&#8243;][vc_single_image image=&#8221;11&#8243; img_size=&#8221;full&#8221; alignment=&#8221;center&#8221;][\/vc_column][\/vc_row][vc_row css=&#8221;.vc_custom_1675688753915{padding-top: 3% !important;padding-right: 10% !important;padding-bottom: 3% !important;padding-left: 10% !important;}&#8221;][vc_column][vc_row_inner gap=&#8221;15&#8243;][vc_column_inner width=&#8221;1\/3&#8243;][vc_icon icon_fontawesome=&#8221;fas fa-users&#8221; color=&#8221;custom&#8221; size=&#8221;lg&#8221; align=&#8221;center&#8221; custom_color=&#8221;#438677&#8243;][vc_column_text css=&#8221;.vc_custom_1677771040027{margin-top: -5% !important;}&#8221;]\n<h3 class=\"elementor-icon-box-title\" style=\"text-align: center;\"><strong><span style=\"font-size: 140%;\" data-text-color=\"secondary\">Context<\/span><\/strong><\/h3>\n<p style=\"text-align: center;\">El nostre somni va comen\u00e7ar en la gespa de la universitat i va continuar madurant fins a la creaci\u00f3 de la cooperativa La Somniada i la cerveseria l&#8217;Auda\u00e7. La nostra cervesa reflecteix els nostres valors sent artesanal, rural i ecol\u00f2gica.<\/p>\n[\/vc_column_text][\/vc_column_inner][vc_column_inner width=&#8221;1\/3&#8243;][vc_icon icon_fontawesome=&#8221;fas fa-place-of-worship&#8221; color=&#8221;custom&#8221; size=&#8221;lg&#8221; align=&#8221;center&#8221; custom_color=&#8221;#438677&#8243;][vc_column_text css=&#8221;.vc_custom_1677771063334{margin-top: -5% !important;}&#8221;]\n<div class=\"elementor-icon-box-content\">\n<h3 class=\"elementor-icon-box-title\" style=\"text-align: center;\"><strong><span style=\"font-size: 140%;\" data-text-color=\"secondary\">Entorn<\/span><\/strong><\/h3>\n<p class=\"elementor-icon-box-description\" style=\"text-align: center;\">La f\u00e0brica se situa a Soneja, un municipi rural de la comarca de l&#8217;Alt Pal\u00e0ncia, a la prov\u00edncia de Castell\u00f3. Situada entre les Serres d&#8217;Espad\u00e0 i la Calderona, la comarca de l&#8217;Alt Pal\u00e0ncia t\u00e9 una gran riquesa paisatg\u00edstica, agr\u00edcola i culin\u00e0ria, aportant un marc idoni per a la cervesa l&#8217;Auda\u00e7.<\/p>\n<\/div>\n[\/vc_column_text][\/vc_column_inner][vc_column_inner width=&#8221;1\/3&#8243;][vc_icon icon_fontawesome=&#8221;fas fa-feather-alt&#8221; color=&#8221;custom&#8221; size=&#8221;lg&#8221; align=&#8221;center&#8221; custom_color=&#8221;#438677&#8243;][vc_column_text css=&#8221;.vc_custom_1677771095613{margin-top: -5% !important;}&#8221;]\n<h3 style=\"text-align: center;\"><strong><span style=\"font-size: 140%;\" data-text-color=\"secondary\">Ecol\u00f2gica i Artesana<\/span><\/strong><\/h3>\n<p style=\"text-align: center;\">L&#8217;\u00fas de mat\u00e8ries primeres ecol\u00f2giques i de xicotets productors, i la pr\u00f2pia certificaci\u00f3 de la f\u00e0brica de cervesa com a ecol\u00f2gica i artesana proporciona un producte de qualitat, respectu\u00f3s amb el medi ambient i amb les persones, des de la la sembra de les mat\u00e8ries primeres fins a l&#8217;elaboraci\u00f3 de les nostres cerveses.<\/p>\n[\/vc_column_text][\/vc_column_inner][\/vc_row_inner][vc_empty_space][\/vc_column][\/vc_row][vc_row full_width=&#8221;stretch_row_content_no_spaces&#8221; equal_height=&#8221;yes&#8221; content_placement=&#8221;middle&#8221; css=&#8221;.vc_custom_1677763672077{background-color: #478a7b !important;}&#8221; el_id=&#8221;nuestrascervezas&#8221;][vc_column width=&#8221;1\/2&#8243; css=&#8221;.vc_custom_1677764210727{padding-top: 10% !important;padding-right: 10% !important;padding-bottom: 10% !important;padding-left: 10% !important;}&#8221;][vc_empty_space][vc_empty_space][vc_column_text]\n<h2><span style=\"font-size: 130%;\">Cervesa elaborada amb mat\u00e8ries primeres ecol\u00f2giques i de proximitat<\/span><\/h2>\n<h3><span data-text-color=\"success\">Treballem amb xicotets productors i productores artesanes de malta i ll\u00fapol, enfortint les relacions comercials a petita escala.<\/span><\/h3>\n[\/vc_column_text][vc_empty_space][vc_empty_space][\/vc_column][vc_column width=&#8221;1\/2&#8243; css=&#8221;.vc_custom_1677763597021{padding-top: 30% !important;padding-bottom: 30% !important;background-image: url(https:\/\/lasomniada.com\/wp-content\/uploads\/2023\/03\/la-somniada.jpeg?id=496) !important;background-position: center !important;background-repeat: no-repeat !important;background-size: cover !important;}&#8221;][vc_empty_space][\/vc_column][\/vc_row][vc_row css=&#8221;.vc_custom_1677764651219{padding-top: 6% !important;padding-right: 10% !important;padding-bottom: 6% !important;padding-left: 10% !important;}&#8221;][vc_column][vc_row_inner][vc_column_inner][vc_column_text]\n<h2 style=\"text-align: center;\"><span style=\"font-size: 130%;\">Proc\u00e9s artes\u00e0 d&#8217;elaboraci\u00f3 de la cervesa<\/span><\/h2>\n[\/vc_column_text][\/vc_column_inner][\/vc_row_inner][vc_row_inner][vc_column_inner width=&#8221;1\/3&#8243;][vc_single_image image=&#8221;503&#8243; img_size=&#8221;full&#8221; alignment=&#8221;center&#8221;][vc_column_text]\n<h3 style=\"text-align: center;\">Elaboraci\u00f3<\/h3>\n[\/vc_column_text][\/vc_column_inner][vc_column_inner width=&#8221;1\/3&#8243;][vc_single_image image=&#8221;505&#8243; img_size=&#8221;full&#8221; alignment=&#8221;center&#8221;][vc_column_text]\n<h3 style=\"text-align: center;\">Embotellat<\/h3>\n[\/vc_column_text][\/vc_column_inner][vc_column_inner width=&#8221;1\/3&#8243;][vc_single_image image=&#8221;501&#8243; img_size=&#8221;full&#8221; alignment=&#8221;center&#8221;][vc_column_text]\n<h3 style=\"text-align: center;\">Etiquetatge<\/h3>\n[\/vc_column_text][\/vc_column_inner][\/vc_row_inner][\/vc_column][\/vc_row][vc_row full_width=&#8221;stretch_row_content_no_spaces&#8221; css=&#8221;.vc_custom_1677764561797{padding-top: 5% !important;padding-right: 10% !important;padding-bottom: 5% !important;padding-left: 10% !important;background-color: #478a7b !important;}&#8221;][vc_column][vc_row_inner][vc_column_inner][vc_column_text]\n<h2 style=\"text-align: center;\"><span style=\"font-size: 140%;\">Passi\u00f3 per l&#8217;art<\/span><\/h2>\n[\/vc_column_text][vc_column_text]Els dissenys dels nostres embalatges i etiquetes han sigut realitzats per joves artistes inspirats en el sabor caracter\u00edstic de les nostres cerveses artesanals.[\/vc_column_text][vc_single_image image=&#8221;498&#8243; img_size=&#8221;full&#8221; alignment=&#8221;center&#8221;][\/vc_column_inner][\/vc_row_inner][\/vc_column][\/vc_row][vc_row css=&#8221;.vc_custom_1675696619697{padding-top: 5% !important;padding-right: 10% !important;padding-bottom: 5% !important;padding-left: 10% !important;}&#8221; el_id=&#8221;packs&#8221;][vc_column][vc_row_inner el_id=&#8221;ubicacion&#8221;][vc_column_inner width=&#8221;1\/2&#8243;][vc_column_text]\n<h3>PR\u00d2XIMS ESDEVENIMENTS<\/h3>\n<p>Descobreix tots els esdeveniments, fires i mercats en els quals participa La Sommniada COOP.V i Cerveseria L\u2019Auda\u00e7 i veuen a gaudir amb nosaltres del sabor de l&#8217;aut\u00e8ntica cervesa artesanal![\/vc_column_text][vc_btn title=&#8221;PR\u00d2XIMS ESDEVENIMENTS&#8221; style=&#8221;custom&#8221; custom_background=&#8221;#478a7b&#8221; custom_text=&#8221;#ffffff&#8221; shape=&#8221;square&#8221; link=&#8221;url:https%3A%2F%2Flasomniada.com%2Fcategoria%2Feventos-ferias-y-mercados%2F|title:Visita%20guiada|target:_blank&#8221;][vc_empty_space][vc_column_text]\n<h3>VISITA GUIADA<\/h3>\n<p>Vols con\u00e9ixer el proc\u00e9s d&#8217;elaboraci\u00f3 de la cervesa artesanal? Veuen a visitar la nostra f\u00e0brica de cervesa en Soneja i podr\u00e0s con\u00e9ixer el proc\u00e9s d&#8217;elaboraci\u00f3 de les nostres cerveses artesanals i gaudir d&#8217;uns sabors \u00fanics.[\/vc_column_text][vc_btn title=&#8221;RESERVAR VISITA&#8221; style=&#8221;custom&#8221; custom_background=&#8221;#dcb132&#8243; custom_text=&#8221;#0a0a0a&#8221; shape=&#8221;square&#8221; link=&#8221;url:https%3A%2F%2Flasomniada.com%2Fvisita-guiada%2F|title:Visita%20guiada|target:_blank&#8221;][\/vc_column_inner][vc_column_inner width=&#8221;1\/2&#8243;][vc_column_text]<iframe loading=\"lazy\" src=\"https:\/\/www.google.com\/maps\/d\/embed?mid=1FXLLnz0PqbPXa8iHXjaBsmrFlYXw9ko&amp;ehbc=2E312F\" width=\"640\" height=\"480\"><\/iframe>[\/vc_column_text][\/vc_column_inner][\/vc_row_inner][vc_row_inner][vc_column_inner][social_vc_father align=&#8221;center&#8221;][social_vc_son style=&#8221;effect2&#8243; margin=&#8221;3&#8243; width=&#8221;50&#8243; height=&#8221;50&#8243; url=&#8221;url:https%3A%2F%2Fwww.facebook.com%2Fprofile.php%3Fid%3D100076092644625|target:_blank&#8221; size=&#8221;25&#8243; radius=&#8221;100%&#8221; icon=&#8221;fab fa-facebook-f&#8221; clr=&#8221;#ffffff&#8221; bgclr=&#8221;#1e73be&#8221;][social_vc_son style=&#8221;effect2&#8243; margin=&#8221;3&#8243; width=&#8221;50&#8243; height=&#8221;50&#8243; url=&#8221;url:https%3A%2F%2Fwww.instagram.com%2Flasomniada%2F|target:_blank&#8221; size=&#8221;25&#8243; radius=&#8221;100%&#8221; icon=&#8221;fab fa-instagram&#8221; clr=&#8221;#ffffff&#8221; bgclr=&#8221;#000000&#8243;][\/social_vc_father][\/vc_column_inner][\/vc_row_inner][\/vc_column][\/vc_row]\n<\/section>","protected":false},"excerpt":{"rendered":"[vc_row css=&#8221;.vc_custom_1675696562483{padding-top: 3% !important;padding-right: 10% !important;padding-bottom: 3% !important;padding-left: 10% !important;background-color: #478a7b !important;}&#8221; el_id=&#8221;cerveceria&#8221;][vc_column width=&#8221;1\/2&#8243; css=&#8221;.vc_custom_1675688109058{padding-top: 2% !important;}&#8221;][vc_column_text css=&#8221;.vc_custom_1752953284225{padding-top: 10% !important;}&#8221;] CERVESA ECOL\u00d2GICA ARTESANA Cerveseria L&#8217;Auda\u00e7 L&#8217;Auda\u00e7 \u00e9s una cervesa artesana i ecol\u00f2gica, produ\u00efda promovent el cooperativisme i apoderament de la dona. Reivindiquem un m\u00f3n rural viu i din\u00e0mic que oferisca productes locals de qualitat arrelats&hellip; <a class=\"continue\" href=\"https:\/\/lasomniada.com\/ca\/\">leer m\u00e1s<span> Inici<\/span><\/a><\/p>\n","protected":false},"author":1,"featured_media":0,"parent":0,"menu_order":0,"comment_status":"closed","ping_status":"closed","template":"page-blank.php","meta":{"footnotes":""},"class_list":["post-514","page","type-page","status-publish","hentry"],"yoast_head":"<!-- This site is optimized with the Yoast SEO plugin v27.4 - https:\/\/yoast.com\/product\/yoast-seo-wordpress\/ -->\n<title>Cervesa ecol\u00f3gica artesana - Cervecer\u00eda L&#039;auda\u00e7 - La Somniada Coop.V<\/title>\n<meta name=\"description\" content=\"L\u2019Auda\u00e7 \u00e9s una cervesa ecol\u00f2gica artesana feta a Espanya. Elaborada amb ingredients locals i de proximitat. Promovent el cooperativisme.\" \/>\n<meta name=\"robots\" content=\"index, follow, max-snippet:-1, max-image-preview:large, max-video-preview:-1\" \/>\n<link rel=\"canonical\" href=\"https:\/\/lasomniada.com\/ca\/\" \/>\n<meta property=\"og:locale\" content=\"en_US\" \/>\n<meta property=\"og:type\" content=\"article\" \/>\n<meta property=\"og:title\" content=\"Cerveza ecol\u00f3gica artesanal | La Somniada Coop.\" \/>\n<meta property=\"og:description\" content=\"L\u2019Auda\u00e7 \u00e9s una cervesa ecol\u00f2gica artesana feta a Espanya. Elaborada amb ingredients locals i de proximitat. Promovent el cooperativisme.\" \/>\n<meta property=\"og:url\" content=\"https:\/\/lasomniada.com\/ca\/\" \/>\n<meta property=\"og:site_name\" content=\"Cervecer\u00eda L&#039;auda\u00e7 - La Somniada Coop.V\" \/>\n<meta property=\"article:publisher\" content=\"https:\/\/www.facebook.com\/profile.php?id=100076092644625\" \/>\n<meta property=\"article:modified_time\" content=\"2025-07-19T19:29:12+00:00\" \/>\n<meta property=\"og:image\" content=\"https:\/\/lasomniada.com\/wp-content\/uploads\/2023\/02\/Pack-cerveza-artesana-Somniada-copas-2.jpg\" \/>\n\t<meta property=\"og:image:width\" content=\"1000\" \/>\n\t<meta property=\"og:image:height\" content=\"1000\" \/>\n\t<meta property=\"og:image:type\" content=\"image\/jpeg\" \/>\n<meta name=\"twitter:card\" content=\"summary_large_image\" \/>\n<meta name=\"twitter:label1\" content=\"Est. reading time\" \/>\n\t<meta name=\"twitter:data1\" content=\"3 minutes\" \/>\n<script type=\"application\/ld+json\" class=\"yoast-schema-graph\">{\"@context\":\"https:\\\/\\\/schema.org\",\"@graph\":[{\"@type\":\"WebPage\",\"@id\":\"https:\\\/\\\/lasomniada.com\\\/ca\\\/\",\"url\":\"https:\\\/\\\/lasomniada.com\\\/ca\\\/\",\"name\":\"Cervesa ecol\u00f3gica artesana - Cervecer\u00eda L&#039;auda\u00e7 - La Somniada Coop.V\",\"isPartOf\":{\"@id\":\"https:\\\/\\\/lasomniada.com\\\/#website\"},\"datePublished\":\"2023-01-25T12:47:56+00:00\",\"dateModified\":\"2025-07-19T19:29:12+00:00\",\"description\":\"L\u2019Auda\u00e7 \u00e9s una cervesa ecol\u00f2gica artesana feta a Espanya. Elaborada amb ingredients locals i de proximitat. Promovent el cooperativisme.\",\"breadcrumb\":{\"@id\":\"https:\\\/\\\/lasomniada.com\\\/ca\\\/#breadcrumb\"},\"inLanguage\":\"val\",\"potentialAction\":[{\"@type\":\"ReadAction\",\"target\":[\"https:\\\/\\\/lasomniada.com\\\/ca\\\/\"]}]},{\"@type\":\"BreadcrumbList\",\"@id\":\"https:\\\/\\\/lasomniada.com\\\/ca\\\/#breadcrumb\",\"itemListElement\":[{\"@type\":\"ListItem\",\"position\":1,\"name\":\"Inicio\",\"item\":\"https:\\\/\\\/lasomniada.com\\\/ca\\\/\"},{\"@type\":\"ListItem\",\"position\":2,\"name\":\"Inici\"}]},{\"@type\":\"WebSite\",\"@id\":\"https:\\\/\\\/lasomniada.com\\\/#website\",\"url\":\"https:\\\/\\\/lasomniada.com\\\/\",\"name\":\"La somniada\",\"description\":\"Cerveza artesana ecol\u00f3gica\",\"publisher\":{\"@id\":\"https:\\\/\\\/lasomniada.com\\\/#organization\"},\"alternateName\":\"L'auda\u00e7\",\"potentialAction\":[{\"@type\":\"SearchAction\",\"target\":{\"@type\":\"EntryPoint\",\"urlTemplate\":\"https:\\\/\\\/lasomniada.com\\\/?s={search_term_string}\"},\"query-input\":{\"@type\":\"PropertyValueSpecification\",\"valueRequired\":true,\"valueName\":\"search_term_string\"}}],\"inLanguage\":\"val\"},{\"@type\":\"Organization\",\"@id\":\"https:\\\/\\\/lasomniada.com\\\/#organization\",\"name\":\"La somniada\",\"alternateName\":\"L'auda\u00e7\",\"url\":\"https:\\\/\\\/lasomniada.com\\\/\",\"logo\":{\"@type\":\"ImageObject\",\"inLanguage\":\"val\",\"@id\":\"https:\\\/\\\/lasomniada.com\\\/#\\\/schema\\\/logo\\\/image\\\/\",\"url\":\"https:\\\/\\\/lasomniada.com\\\/wp-content\\\/uploads\\\/2023\\\/03\\\/audac.png\",\"contentUrl\":\"https:\\\/\\\/lasomniada.com\\\/wp-content\\\/uploads\\\/2023\\\/03\\\/audac.png\",\"width\":300,\"height\":300,\"caption\":\"La somniada\"},\"image\":{\"@id\":\"https:\\\/\\\/lasomniada.com\\\/#\\\/schema\\\/logo\\\/image\\\/\"},\"sameAs\":[\"https:\\\/\\\/www.facebook.com\\\/profile.php?id=100076092644625\",\"https:\\\/\\\/www.instagram.com\\\/lasomniada\\\/\",\"https:\\\/\\\/wwoof.es\\\/es\\\/host\\\/46496-elaboracion-de-cerveza-artesanal-y-ecologica\"]}]}<\/script>\n<!-- \/ Yoast SEO plugin. -->","yoast_head_json":{"title":"Cervesa ecol\u00f3gica artesana - Cervecer\u00eda L&#039;auda\u00e7 - La Somniada Coop.V","description":"L\u2019Auda\u00e7 \u00e9s una cervesa ecol\u00f2gica artesana feta a Espanya. Elaborada amb ingredients locals i de proximitat. Promovent el cooperativisme.","robots":{"index":"index","follow":"follow","max-snippet":"max-snippet:-1","max-image-preview":"max-image-preview:large","max-video-preview":"max-video-preview:-1"},"canonical":"https:\/\/lasomniada.com\/ca\/","og_locale":"en_US","og_type":"article","og_title":"Cerveza ecol\u00f3gica artesanal | La Somniada Coop.","og_description":"L\u2019Auda\u00e7 \u00e9s una cervesa ecol\u00f2gica artesana feta a Espanya. Elaborada amb ingredients locals i de proximitat. Promovent el cooperativisme.","og_url":"https:\/\/lasomniada.com\/ca\/","og_site_name":"Cervecer\u00eda L&#039;auda\u00e7 - La Somniada Coop.V","article_publisher":"https:\/\/www.facebook.com\/profile.php?id=100076092644625","article_modified_time":"2025-07-19T19:29:12+00:00","og_image":[{"width":1000,"height":1000,"url":"https:\/\/lasomniada.com\/wp-content\/uploads\/2023\/02\/Pack-cerveza-artesana-Somniada-copas-2.jpg","type":"image\/jpeg"}],"twitter_card":"summary_large_image","twitter_misc":{"Est. reading time":"3 minutes"},"schema":{"@context":"https:\/\/schema.org","@graph":[{"@type":"WebPage","@id":"https:\/\/lasomniada.com\/ca\/","url":"https:\/\/lasomniada.com\/ca\/","name":"Cervesa ecol\u00f3gica artesana - Cervecer\u00eda L&#039;auda\u00e7 - La Somniada Coop.V","isPartOf":{"@id":"https:\/\/lasomniada.com\/#website"},"datePublished":"2023-01-25T12:47:56+00:00","dateModified":"2025-07-19T19:29:12+00:00","description":"L\u2019Auda\u00e7 \u00e9s una cervesa ecol\u00f2gica artesana feta a Espanya. Elaborada amb ingredients locals i de proximitat. Promovent el cooperativisme.","breadcrumb":{"@id":"https:\/\/lasomniada.com\/ca\/#breadcrumb"},"inLanguage":"val","potentialAction":[{"@type":"ReadAction","target":["https:\/\/lasomniada.com\/ca\/"]}]},{"@type":"BreadcrumbList","@id":"https:\/\/lasomniada.com\/ca\/#breadcrumb","itemListElement":[{"@type":"ListItem","position":1,"name":"Inicio","item":"https:\/\/lasomniada.com\/ca\/"},{"@type":"ListItem","position":2,"name":"Inici"}]},{"@type":"WebSite","@id":"https:\/\/lasomniada.com\/#website","url":"https:\/\/lasomniada.com\/","name":"La somniada","description":"Cerveza artesana ecol\u00f3gica","publisher":{"@id":"https:\/\/lasomniada.com\/#organization"},"alternateName":"L'auda\u00e7","potentialAction":[{"@type":"SearchAction","target":{"@type":"EntryPoint","urlTemplate":"https:\/\/lasomniada.com\/?s={search_term_string}"},"query-input":{"@type":"PropertyValueSpecification","valueRequired":true,"valueName":"search_term_string"}}],"inLanguage":"val"},{"@type":"Organization","@id":"https:\/\/lasomniada.com\/#organization","name":"La somniada","alternateName":"L'auda\u00e7","url":"https:\/\/lasomniada.com\/","logo":{"@type":"ImageObject","inLanguage":"val","@id":"https:\/\/lasomniada.com\/#\/schema\/logo\/image\/","url":"https:\/\/lasomniada.com\/wp-content\/uploads\/2023\/03\/audac.png","contentUrl":"https:\/\/lasomniada.com\/wp-content\/uploads\/2023\/03\/audac.png","width":300,"height":300,"caption":"La somniada"},"image":{"@id":"https:\/\/lasomniada.com\/#\/schema\/logo\/image\/"},"sameAs":["https:\/\/www.facebook.com\/profile.php?id=100076092644625","https:\/\/www.instagram.com\/lasomniada\/","https:\/\/wwoof.es\/es\/host\/46496-elaboracion-de-cerveza-artesanal-y-ecologica"]}]}},"_links":{"self":[{"href":"https:\/\/lasomniada.com\/ca\/wp-json\/wp\/v2\/pages\/514","targetHints":{"allow":["GET"]}}],"collection":[{"href":"https:\/\/lasomniada.com\/ca\/wp-json\/wp\/v2\/pages"}],"about":[{"href":"https:\/\/lasomniada.com\/ca\/wp-json\/wp\/v2\/types\/page"}],"author":[{"embeddable":true,"href":"https:\/\/lasomniada.com\/ca\/wp-json\/wp\/v2\/users\/1"}],"replies":[{"embeddable":true,"href":"https:\/\/lasomniada.com\/ca\/wp-json\/wp\/v2\/comments?post=514"}],"version-history":[{"count":8,"href":"https:\/\/lasomniada.com\/ca\/wp-json\/wp\/v2\/pages\/514\/revisions"}],"predecessor-version":[{"id":1249,"href":"https:\/\/lasomniada.com\/ca\/wp-json\/wp\/v2\/pages\/514\/revisions\/1249"}],"wp:attachment":[{"href":"https:\/\/lasomniada.com\/ca\/wp-json\/wp\/v2\/media?parent=514"}],"curies":[{"name":"wp","href":"https:\/\/api.w.org\/{rel}","templated":true}]}}