{"id":615,"date":"2023-02-06T15:58:43","date_gmt":"2023-02-06T14:58:43","guid":{"rendered":"https:\/\/lasomniada.com\/tienda\/primavera-trigo-hierbaluisa\/"},"modified":"2025-03-11T19:23:21","modified_gmt":"2025-03-11T18:23:21","slug":"primavera-blat-i-marialluisa","status":"publish","type":"product","link":"https:\/\/lasomniada.com\/ca\/tienda\/primavera-blat-i-marialluisa\/","title":{"rendered":"PRIMAVERA &#8211; Blat i Mariallu\u00efsa"},"content":{"rendered":"<p dir=\"ltr\">\u00c9s una cervesa suau amb l\u2019aportaci\u00f3 de blat i refrescant gr\u00e0cies a la mariallu\u00efsa que afegeix subtils notes florals i c\u00edtriques. Elaborada amb blats de varietats tradicionals proporcionades pel mol\u00ed <a href=\"https:\/\/delaera.es\">delaera.es<\/a><\/p>\n<p dir=\"ltr\">Ingredients: aigua, malta d\u2019<strong>ordi<\/strong>*, <strong>blat<\/strong>* var. Arag\u00f3n 03 y var.florencia aurora, flocs d\u2019<strong>avena<\/strong>*, ll\u00fapol*, sucre*, *mariallu\u00efsa, llevat.<\/p>\n<p dir=\"ltr\"><strong>*<\/strong>Agricultura ecol\u00f2gica<\/p>\n","protected":false},"excerpt":{"rendered":"<div class=\"elementor-element elementor-element-3508548 elementor-widget elementor-widget-text-editor\" data-id=\"3508548\" data-element_type=\"widget\" data-widget_type=\"text-editor.default\">\n<div class=\"elementor-widget-container\">\n<p dir=\"ltr\"><strong>33CL. \u2013 4,1% ALC. VOL<\/strong><\/p>\n<p dir=\"ltr\">\u00c9s una cervesa suau amb l\u2019aportaci\u00f3 de blat i refrescant gr\u00e0cies a la mariallu\u00efsa que afegeix subtils notes florals i c\u00edtriques. Elaborada amb blats de varietats tradicionals proporcionades pel mol\u00ed <a href=\"https:\/\/delaera.es\">delaera.es<\/a><\/p>\n<p dir=\"ltr\">Ingredients: aigua, malta d\u2019<strong>ordi<\/strong>*, <strong>blat<\/strong>* var. Arag\u00f3n 03 y var.florencia aurora, flocs d\u2019<strong>avena<\/strong>*, ll\u00fapol*, sucre*, *mariallu\u00efsa, llevat.<\/p>\n<p dir=\"ltr\"><strong>*<\/strong>Agricultura ecol\u00f2gica<\/p>\n<\/div>\n<\/div>\n<p> <a class=\"continue\" href=\"https:\/\/lasomniada.com\/ca\/tienda\/primavera-blat-i-marialluisa\/\">leer m\u00e1s<span> PRIMAVERA &#8211; Blat i Mariallu\u00efsa<\/span><\/a><\/p>\n","protected":false},"featured_media":776,"comment_status":"open","ping_status":"closed","template":"","meta":[],"product_brand":[65],"product_cat":[46],"product_tag":[],"class_list":{"0":"post-615","1":"product","2":"type-product","3":"status-publish","4":"has-post-thumbnail","6":"product_brand-la-audaz-cerveza-artesana","7":"product_cat-cerveza-artesana-ca","9":"first","10":"instock","11":"taxable","12":"shipping-taxable","13":"purchasable","14":"product-type-variable","15":"has-default-attributes"},"yoast_head":"<!-- This site is optimized with the Yoast SEO plugin v27.5 - https:\/\/yoast.com\/product\/yoast-seo-wordpress\/ -->\n<title>PRIMAVERA - Blat i Mariallu\u00efsa - Cervecer\u00eda L&#039;auda\u00e7 - La Somniada Coop.V<\/title>\n<meta name=\"description\" content=\"\u00c9s una cervesa suau amb l&#039;aportaci\u00f3 de blat i refrescant gr\u00e0cies a la *hierbaluisa que afig subtils notes florals i c\u00edtriques.\" \/>\n<meta name=\"robots\" content=\"index, follow, max-snippet:-1, max-image-preview:large, max-video-preview:-1\" \/>\n<link rel=\"canonical\" href=\"https:\/\/lasomniada.com\/ca\/tienda\/primavera-blat-i-marialluisa\/\" \/>\n<meta property=\"og:locale\" content=\"en_US\" \/>\n<meta property=\"og:type\" content=\"article\" \/>\n<meta property=\"og:title\" content=\"PRIMAVERA - Blat i Mariallu\u00efsa - Cervecer\u00eda L&#039;auda\u00e7 - La Somniada Coop.V\" \/>\n<meta property=\"og:description\" content=\"\u00c9s una cervesa suau amb l&#039;aportaci\u00f3 de blat i refrescant gr\u00e0cies a la *hierbaluisa que afig subtils notes florals i c\u00edtriques.\" \/>\n<meta property=\"og:url\" content=\"https:\/\/lasomniada.com\/ca\/tienda\/primavera-blat-i-marialluisa\/\" \/>\n<meta property=\"og:site_name\" content=\"Cervecer\u00eda L&#039;auda\u00e7 - La Somniada Coop.V\" \/>\n<meta property=\"article:publisher\" content=\"https:\/\/www.facebook.com\/profile.php?id=100076092644625\" \/>\n<meta property=\"article:modified_time\" content=\"2025-03-11T18:23:21+00:00\" \/>\n<meta property=\"og:image\" content=\"https:\/\/lasomniada.com\/wp-content\/uploads\/2023\/02\/Primavera-Trigo-hierbaluisa.jpg\" \/>\n\t<meta property=\"og:image:width\" content=\"1080\" \/>\n\t<meta property=\"og:image:height\" content=\"1080\" \/>\n\t<meta property=\"og:image:type\" content=\"image\/jpeg\" \/>\n<meta name=\"twitter:card\" content=\"summary_large_image\" \/>\n<meta name=\"twitter:label1\" content=\"Est. reading time\" \/>\n\t<meta name=\"twitter:data1\" content=\"1 minute\" \/>\n<script type=\"application\/ld+json\" class=\"yoast-schema-graph\">{\"@context\":\"https:\\\/\\\/schema.org\",\"@graph\":[{\"@type\":\"WebPage\",\"@id\":\"https:\\\/\\\/lasomniada.com\\\/ca\\\/tienda\\\/primavera-blat-i-marialluisa\\\/\",\"url\":\"https:\\\/\\\/lasomniada.com\\\/ca\\\/tienda\\\/primavera-blat-i-marialluisa\\\/\",\"name\":\"PRIMAVERA - Blat i Mariallu\u00efsa - Cervecer\u00eda L&#039;auda\u00e7 - La Somniada Coop.V\",\"isPartOf\":{\"@id\":\"https:\\\/\\\/lasomniada.com\\\/#website\"},\"primaryImageOfPage\":{\"@id\":\"https:\\\/\\\/lasomniada.com\\\/ca\\\/tienda\\\/primavera-blat-i-marialluisa\\\/#primaryimage\"},\"image\":{\"@id\":\"https:\\\/\\\/lasomniada.com\\\/ca\\\/tienda\\\/primavera-blat-i-marialluisa\\\/#primaryimage\"},\"thumbnailUrl\":\"https:\\\/\\\/lasomniada.com\\\/wp-content\\\/uploads\\\/2023\\\/02\\\/Primavera-Trigo-hierbaluisa.jpg\",\"datePublished\":\"2023-02-06T14:58:43+00:00\",\"dateModified\":\"2025-03-11T18:23:21+00:00\",\"description\":\"\u00c9s una cervesa suau amb l'aportaci\u00f3 de blat i refrescant gr\u00e0cies a la *hierbaluisa que afig subtils notes florals i c\u00edtriques.\",\"breadcrumb\":{\"@id\":\"https:\\\/\\\/lasomniada.com\\\/ca\\\/tienda\\\/primavera-blat-i-marialluisa\\\/#breadcrumb\"},\"inLanguage\":\"val\",\"potentialAction\":[{\"@type\":\"ReadAction\",\"target\":[\"https:\\\/\\\/lasomniada.com\\\/ca\\\/tienda\\\/primavera-blat-i-marialluisa\\\/\"]}]},{\"@type\":\"ImageObject\",\"inLanguage\":\"val\",\"@id\":\"https:\\\/\\\/lasomniada.com\\\/ca\\\/tienda\\\/primavera-blat-i-marialluisa\\\/#primaryimage\",\"url\":\"https:\\\/\\\/lasomniada.com\\\/wp-content\\\/uploads\\\/2023\\\/02\\\/Primavera-Trigo-hierbaluisa.jpg\",\"contentUrl\":\"https:\\\/\\\/lasomniada.com\\\/wp-content\\\/uploads\\\/2023\\\/02\\\/Primavera-Trigo-hierbaluisa.jpg\",\"width\":1080,\"height\":1080,\"caption\":\"Hierbaluisa\"},{\"@type\":\"BreadcrumbList\",\"@id\":\"https:\\\/\\\/lasomniada.com\\\/ca\\\/tienda\\\/primavera-blat-i-marialluisa\\\/#breadcrumb\",\"itemListElement\":[{\"@type\":\"ListItem\",\"position\":1,\"name\":\"Inicio\",\"item\":\"https:\\\/\\\/lasomniada.com\\\/ca\\\/\"},{\"@type\":\"ListItem\",\"position\":2,\"name\":\"Botiga\",\"item\":\"https:\\\/\\\/lasomniada.com\\\/ca\\\/botiga\\\/\"},{\"@type\":\"ListItem\",\"position\":3,\"name\":\"PRIMAVERA &#8211; Blat i Mariallu\u00efsa\"}]},{\"@type\":\"WebSite\",\"@id\":\"https:\\\/\\\/lasomniada.com\\\/#website\",\"url\":\"https:\\\/\\\/lasomniada.com\\\/\",\"name\":\"La somniada\",\"description\":\"Cerveza artesana ecol\u00f3gica\",\"publisher\":{\"@id\":\"https:\\\/\\\/lasomniada.com\\\/#organization\"},\"alternateName\":\"L'auda\u00e7\",\"potentialAction\":[{\"@type\":\"SearchAction\",\"target\":{\"@type\":\"EntryPoint\",\"urlTemplate\":\"https:\\\/\\\/lasomniada.com\\\/?s={search_term_string}\"},\"query-input\":{\"@type\":\"PropertyValueSpecification\",\"valueRequired\":true,\"valueName\":\"search_term_string\"}}],\"inLanguage\":\"val\"},{\"@type\":\"Organization\",\"@id\":\"https:\\\/\\\/lasomniada.com\\\/#organization\",\"name\":\"La somniada\",\"alternateName\":\"L'auda\u00e7\",\"url\":\"https:\\\/\\\/lasomniada.com\\\/\",\"logo\":{\"@type\":\"ImageObject\",\"inLanguage\":\"val\",\"@id\":\"https:\\\/\\\/lasomniada.com\\\/#\\\/schema\\\/logo\\\/image\\\/\",\"url\":\"https:\\\/\\\/lasomniada.com\\\/wp-content\\\/uploads\\\/2023\\\/03\\\/audac.png\",\"contentUrl\":\"https:\\\/\\\/lasomniada.com\\\/wp-content\\\/uploads\\\/2023\\\/03\\\/audac.png\",\"width\":300,\"height\":300,\"caption\":\"La somniada\"},\"image\":{\"@id\":\"https:\\\/\\\/lasomniada.com\\\/#\\\/schema\\\/logo\\\/image\\\/\"},\"sameAs\":[\"https:\\\/\\\/www.facebook.com\\\/profile.php?id=100076092644625\",\"https:\\\/\\\/www.instagram.com\\\/lasomniada\\\/\",\"https:\\\/\\\/wwoof.es\\\/es\\\/host\\\/46496-elaboracion-de-cerveza-artesanal-y-ecologica\"]}]}<\/script>\n<!-- \/ Yoast SEO plugin. -->","yoast_head_json":{"title":"PRIMAVERA - Blat i Mariallu\u00efsa - Cervecer\u00eda L&#039;auda\u00e7 - La Somniada Coop.V","description":"\u00c9s una cervesa suau amb l'aportaci\u00f3 de blat i refrescant gr\u00e0cies a la *hierbaluisa que afig subtils notes florals i c\u00edtriques.","robots":{"index":"index","follow":"follow","max-snippet":"max-snippet:-1","max-image-preview":"max-image-preview:large","max-video-preview":"max-video-preview:-1"},"canonical":"https:\/\/lasomniada.com\/ca\/tienda\/primavera-blat-i-marialluisa\/","og_locale":"en_US","og_type":"article","og_title":"PRIMAVERA - Blat i Mariallu\u00efsa - Cervecer\u00eda L&#039;auda\u00e7 - La Somniada Coop.V","og_description":"\u00c9s una cervesa suau amb l'aportaci\u00f3 de blat i refrescant gr\u00e0cies a la *hierbaluisa que afig subtils notes florals i c\u00edtriques.","og_url":"https:\/\/lasomniada.com\/ca\/tienda\/primavera-blat-i-marialluisa\/","og_site_name":"Cervecer\u00eda L&#039;auda\u00e7 - La Somniada Coop.V","article_publisher":"https:\/\/www.facebook.com\/profile.php?id=100076092644625","article_modified_time":"2025-03-11T18:23:21+00:00","og_image":[{"width":1080,"height":1080,"url":"https:\/\/lasomniada.com\/wp-content\/uploads\/2023\/02\/Primavera-Trigo-hierbaluisa.jpg","type":"image\/jpeg"}],"twitter_card":"summary_large_image","twitter_misc":{"Est. reading time":"1 minute"},"schema":{"@context":"https:\/\/schema.org","@graph":[{"@type":"WebPage","@id":"https:\/\/lasomniada.com\/ca\/tienda\/primavera-blat-i-marialluisa\/","url":"https:\/\/lasomniada.com\/ca\/tienda\/primavera-blat-i-marialluisa\/","name":"PRIMAVERA - Blat i Mariallu\u00efsa - Cervecer\u00eda L&#039;auda\u00e7 - La Somniada Coop.V","isPartOf":{"@id":"https:\/\/lasomniada.com\/#website"},"primaryImageOfPage":{"@id":"https:\/\/lasomniada.com\/ca\/tienda\/primavera-blat-i-marialluisa\/#primaryimage"},"image":{"@id":"https:\/\/lasomniada.com\/ca\/tienda\/primavera-blat-i-marialluisa\/#primaryimage"},"thumbnailUrl":"https:\/\/lasomniada.com\/wp-content\/uploads\/2023\/02\/Primavera-Trigo-hierbaluisa.jpg","datePublished":"2023-02-06T14:58:43+00:00","dateModified":"2025-03-11T18:23:21+00:00","description":"\u00c9s una cervesa suau amb l'aportaci\u00f3 de blat i refrescant gr\u00e0cies a la *hierbaluisa que afig subtils notes florals i c\u00edtriques.","breadcrumb":{"@id":"https:\/\/lasomniada.com\/ca\/tienda\/primavera-blat-i-marialluisa\/#breadcrumb"},"inLanguage":"val","potentialAction":[{"@type":"ReadAction","target":["https:\/\/lasomniada.com\/ca\/tienda\/primavera-blat-i-marialluisa\/"]}]},{"@type":"ImageObject","inLanguage":"val","@id":"https:\/\/lasomniada.com\/ca\/tienda\/primavera-blat-i-marialluisa\/#primaryimage","url":"https:\/\/lasomniada.com\/wp-content\/uploads\/2023\/02\/Primavera-Trigo-hierbaluisa.jpg","contentUrl":"https:\/\/lasomniada.com\/wp-content\/uploads\/2023\/02\/Primavera-Trigo-hierbaluisa.jpg","width":1080,"height":1080,"caption":"Hierbaluisa"},{"@type":"BreadcrumbList","@id":"https:\/\/lasomniada.com\/ca\/tienda\/primavera-blat-i-marialluisa\/#breadcrumb","itemListElement":[{"@type":"ListItem","position":1,"name":"Inicio","item":"https:\/\/lasomniada.com\/ca\/"},{"@type":"ListItem","position":2,"name":"Botiga","item":"https:\/\/lasomniada.com\/ca\/botiga\/"},{"@type":"ListItem","position":3,"name":"PRIMAVERA &#8211; Blat i Mariallu\u00efsa"}]},{"@type":"WebSite","@id":"https:\/\/lasomniada.com\/#website","url":"https:\/\/lasomniada.com\/","name":"La somniada","description":"Cerveza artesana ecol\u00f3gica","publisher":{"@id":"https:\/\/lasomniada.com\/#organization"},"alternateName":"L'auda\u00e7","potentialAction":[{"@type":"SearchAction","target":{"@type":"EntryPoint","urlTemplate":"https:\/\/lasomniada.com\/?s={search_term_string}"},"query-input":{"@type":"PropertyValueSpecification","valueRequired":true,"valueName":"search_term_string"}}],"inLanguage":"val"},{"@type":"Organization","@id":"https:\/\/lasomniada.com\/#organization","name":"La somniada","alternateName":"L'auda\u00e7","url":"https:\/\/lasomniada.com\/","logo":{"@type":"ImageObject","inLanguage":"val","@id":"https:\/\/lasomniada.com\/#\/schema\/logo\/image\/","url":"https:\/\/lasomniada.com\/wp-content\/uploads\/2023\/03\/audac.png","contentUrl":"https:\/\/lasomniada.com\/wp-content\/uploads\/2023\/03\/audac.png","width":300,"height":300,"caption":"La somniada"},"image":{"@id":"https:\/\/lasomniada.com\/#\/schema\/logo\/image\/"},"sameAs":["https:\/\/www.facebook.com\/profile.php?id=100076092644625","https:\/\/www.instagram.com\/lasomniada\/","https:\/\/wwoof.es\/es\/host\/46496-elaboracion-de-cerveza-artesanal-y-ecologica"]}]}},"_links":{"self":[{"href":"https:\/\/lasomniada.com\/ca\/wp-json\/wp\/v2\/product\/615","targetHints":{"allow":["GET"]}}],"collection":[{"href":"https:\/\/lasomniada.com\/ca\/wp-json\/wp\/v2\/product"}],"about":[{"href":"https:\/\/lasomniada.com\/ca\/wp-json\/wp\/v2\/types\/product"}],"replies":[{"embeddable":true,"href":"https:\/\/lasomniada.com\/ca\/wp-json\/wp\/v2\/comments?post=615"}],"wp:featuredmedia":[{"embeddable":true,"href":"https:\/\/lasomniada.com\/ca\/wp-json\/wp\/v2\/media\/776"}],"wp:attachment":[{"href":"https:\/\/lasomniada.com\/ca\/wp-json\/wp\/v2\/media?parent=615"}],"wp:term":[{"taxonomy":"product_brand","embeddable":true,"href":"https:\/\/lasomniada.com\/ca\/wp-json\/wp\/v2\/product_brand?post=615"},{"taxonomy":"product_cat","embeddable":true,"href":"https:\/\/lasomniada.com\/ca\/wp-json\/wp\/v2\/product_cat?post=615"},{"taxonomy":"product_tag","embeddable":true,"href":"https:\/\/lasomniada.com\/ca\/wp-json\/wp\/v2\/product_tag?post=615"}],"curies":[{"name":"wp","href":"https:\/\/api.w.org\/{rel}","templated":true}]}}